{"id":46,"date":"2011-10-22T18:53:58","date_gmt":"2011-10-22T16:53:58","guid":{"rendered":"http:\/\/terredezic.fr\/wp\/?page_id=46"},"modified":"2021-05-28T01:18:39","modified_gmt":"2021-05-27T23:18:39","slug":"portfolio","status":"publish","type":"page","link":"http:\/\/terredezic.fr\/wp\/portfolio\/","title":{"rendered":"Portofolio"},"content":{"rendered":"<p>Saint Martin Sainte Catherine, ciel d&rsquo;\u00e9t\u00e9<\/p>\n<p><a href=\"http:\/\/terredezic.fr\/wp\/wp-content\/uploads\/2011\/11\/Ciel-limousin-%C3%A0-Saint-Martin-Sainte-Catherine.jpg\"><img loading=\"lazy\" class=\"alignnone size-medium wp-image-224\" title=\"Ciel limousin \u00e0 Saint Martin Sainte Catherine\" src=\"http:\/\/terredezic.fr\/wp\/wp-content\/uploads\/2011\/11\/Ciel-limousin-%C3%A0-Saint-Martin-Sainte-Catherine-300x199.jpg\" alt=\"\" width=\"300\" height=\"199\" \/><\/a><\/p>\n<p>Saint Martin Sainte Catherine : l&rsquo;\u00e9glise<\/p>\n<div id=\"attachment_247\" style=\"width: 310px\" class=\"wp-caption alignnone\"><a href=\"http:\/\/terredezic.fr\/wp\/wp-content\/uploads\/2011\/10\/Eglise-de-Saint-Martin-Sainte-Catherine.jpg\"><img aria-describedby=\"caption-attachment-247\" loading=\"lazy\" class=\"size-medium wp-image-247\" title=\"Eglise de Saint Martin Sainte Catherine\" src=\"http:\/\/terredezic.fr\/wp\/wp-content\/uploads\/2011\/10\/Eglise-de-Saint-Martin-Sainte-Catherine-300x258.jpg\" alt=\"\" width=\"300\" height=\"258\" srcset=\"http:\/\/terredezic.fr\/wp\/wp-content\/uploads\/2011\/10\/Eglise-de-Saint-Martin-Sainte-Catherine-300x258.jpg 300w, http:\/\/terredezic.fr\/wp\/wp-content\/uploads\/2011\/10\/Eglise-de-Saint-Martin-Sainte-Catherine.jpg 780w\" sizes=\"(max-width: 300px) 100vw, 300px\" \/><\/a><p id=\"caption-attachment-247\" class=\"wp-caption-text\">Eglise XII\u00e8me et XV\u00e8me si\u00e8cle, class\u00e9e en 2004<\/p><\/div>\n<p>Soleil couchant sur le lac de Vassivi\u00e8re<\/p>\n<p><a href=\"http:\/\/terredezic.fr\/wp\/wp-content\/uploads\/2011\/11\/Soleil-couchant-sur-le-lac-de-Vassivi%C3%A8re.jpg\"><img loading=\"lazy\" class=\"alignnone size-medium wp-image-236\" title=\"Soleil couchant sur le lac de Vassivi\u00e8re\" src=\"http:\/\/terredezic.fr\/wp\/wp-content\/uploads\/2011\/11\/Soleil-couchant-sur-le-lac-de-Vassivi%C3%A8re-300x228.jpg\" alt=\"\" width=\"300\" height=\"228\" \/><\/a><\/p>\n<p>Bisons dans le Limousin<\/p>\n<p><a href=\"http:\/\/terredezic.fr\/wp\/wp-content\/uploads\/2011\/10\/P1030973.jpg\"><img loading=\"lazy\" class=\"alignnone size-medium wp-image-240\" title=\"Bisons dans le Limousin \" src=\"http:\/\/terredezic.fr\/wp\/wp-content\/uploads\/2011\/10\/P1030973-300x217.jpg\" alt=\"\" width=\"300\" height=\"217\" srcset=\"http:\/\/terredezic.fr\/wp\/wp-content\/uploads\/2011\/10\/P1030973-300x217.jpg 300w, http:\/\/terredezic.fr\/wp\/wp-content\/uploads\/2011\/10\/P1030973.jpg 800w\" sizes=\"(max-width: 300px) 100vw, 300px\" \/><\/a><\/p>\n<p>Hauteurs de Bourganeuf<\/p>\n<p><a href=\"http:\/\/terredezic.fr\/wp\/wp-content\/uploads\/2011\/10\/Hauteurs-de-Bourganeuf.jpg\"><img loading=\"lazy\" class=\"size-medium wp-image-242\" title=\"Hauteurs de Bourganeuf\" src=\"http:\/\/terredezic.fr\/wp\/wp-content\/uploads\/2011\/10\/Hauteurs-de-Bourganeuf-300x195.jpg\" alt=\"\" width=\"300\" height=\"195\" srcset=\"http:\/\/terredezic.fr\/wp\/wp-content\/uploads\/2011\/10\/Hauteurs-de-Bourganeuf-300x195.jpg 300w, http:\/\/terredezic.fr\/wp\/wp-content\/uploads\/2011\/10\/Hauteurs-de-Bourganeuf.jpg 1000w\" sizes=\"(max-width: 300px) 100vw, 300px\" \/><\/a><\/p>\n<p>Saint Martin Sainte Catherine : bord de Vige en automne<\/p>\n<p><a href=\"http:\/\/terredezic.fr\/wp\/wp-content\/uploads\/2011\/10\/Bord-de-vige-en-automne.jpg\"><img loading=\"lazy\" class=\"size-medium wp-image-249\" title=\"Bord de vige en automne\" src=\"http:\/\/terredezic.fr\/wp\/wp-content\/uploads\/2011\/10\/Bord-de-vige-en-automne-300x224.jpg\" alt=\"\" width=\"300\" height=\"224\" srcset=\"http:\/\/terredezic.fr\/wp\/wp-content\/uploads\/2011\/10\/Bord-de-vige-en-automne-300x224.jpg 300w, http:\/\/terredezic.fr\/wp\/wp-content\/uploads\/2011\/10\/Bord-de-vige-en-automne.jpg 803w\" sizes=\"(max-width: 300px) 100vw, 300px\" \/><\/a><\/p>\n","protected":false},"excerpt":{"rendered":"<p>Saint Martin Sainte Catherine, ciel d&rsquo;\u00e9t\u00e9 Saint Martin Sainte Catherine : l&rsquo;\u00e9glise Soleil couchant sur le lac de Vassivi\u00e8re Bisons dans le Limousin Hauteurs de Bourganeuf Saint Martin Sainte Catherine : bord de Vige en automne<\/p>\n","protected":false},"author":1,"featured_media":0,"parent":0,"menu_order":4,"comment_status":"closed","ping_status":"closed","template":"","meta":[],"yoast_head":"<!-- This site is optimized with the Yoast SEO plugin v18.4.1 - https:\/\/yoast.com\/wordpress\/plugins\/seo\/ -->\n<title>Portofolio - Terre De Zic<\/title>\n<meta name=\"robots\" content=\"index, follow, max-snippet:-1, max-image-preview:large, max-video-preview:-1\" \/>\n<link rel=\"canonical\" href=\"http:\/\/terredezic.fr\/wp\/portfolio\/\" \/>\n<meta property=\"og:locale\" content=\"fr_FR\" \/>\n<meta property=\"og:type\" content=\"article\" \/>\n<meta property=\"og:title\" content=\"Portofolio - Terre De Zic\" \/>\n<meta property=\"og:description\" content=\"Saint Martin Sainte Catherine, ciel d&rsquo;\u00e9t\u00e9 Saint Martin Sainte Catherine : l&rsquo;\u00e9glise Soleil couchant sur le lac de Vassivi\u00e8re Bisons dans le Limousin Hauteurs de Bourganeuf Saint Martin Sainte Catherine : bord de Vige en automne\" \/>\n<meta property=\"og:url\" content=\"http:\/\/terredezic.fr\/wp\/portfolio\/\" \/>\n<meta property=\"og:site_name\" content=\"Terre De Zic\" \/>\n<meta property=\"article:modified_time\" content=\"2021-05-27T23:18:39+00:00\" \/>\n<meta property=\"og:image\" content=\"http:\/\/terredezic.fr\/wp\/wp-content\/uploads\/2011\/11\/Ciel-limousin-%C3%A0-Saint-Martin-Sainte-Catherine-300x199.jpg\" \/>\n<meta name=\"twitter:card\" content=\"summary\" \/>\n<meta name=\"twitter:label1\" content=\"Dur\u00e9e de lecture estim\u00e9e\" \/>\n\t<meta name=\"twitter:data1\" content=\"2 minutes\" \/>\n<script type=\"application\/ld+json\" class=\"yoast-schema-graph\">{\"@context\":\"https:\/\/schema.org\",\"@graph\":[{\"@type\":\"WebSite\",\"@id\":\"http:\/\/terredezic.fr\/wp\/#website\",\"url\":\"http:\/\/terredezic.fr\/wp\/\",\"name\":\"Terre De Zic\",\"description\":\"Association pour le d\u00e9veloppement culturel et \u00e9conomique de la Creuse et du Limousin\",\"potentialAction\":[{\"@type\":\"SearchAction\",\"target\":{\"@type\":\"EntryPoint\",\"urlTemplate\":\"http:\/\/terredezic.fr\/wp\/?s={search_term_string}\"},\"query-input\":\"required name=search_term_string\"}],\"inLanguage\":\"fr-FR\"},{\"@type\":\"ImageObject\",\"@id\":\"http:\/\/terredezic.fr\/wp\/portfolio\/#primaryimage\",\"inLanguage\":\"fr-FR\",\"url\":\"http:\/\/terredezic.fr\/wp\/wp-content\/uploads\/2011\/11\/Ciel-limousin-%C3%A0-Saint-Martin-Sainte-Catherine-300x199.jpg\",\"contentUrl\":\"http:\/\/terredezic.fr\/wp\/wp-content\/uploads\/2011\/11\/Ciel-limousin-%C3%A0-Saint-Martin-Sainte-Catherine-300x199.jpg\"},{\"@type\":\"WebPage\",\"@id\":\"http:\/\/terredezic.fr\/wp\/portfolio\/#webpage\",\"url\":\"http:\/\/terredezic.fr\/wp\/portfolio\/\",\"name\":\"Portofolio - Terre De Zic\",\"isPartOf\":{\"@id\":\"http:\/\/terredezic.fr\/wp\/#website\"},\"primaryImageOfPage\":{\"@id\":\"http:\/\/terredezic.fr\/wp\/portfolio\/#primaryimage\"},\"datePublished\":\"2011-10-22T16:53:58+00:00\",\"dateModified\":\"2021-05-27T23:18:39+00:00\",\"breadcrumb\":{\"@id\":\"http:\/\/terredezic.fr\/wp\/portfolio\/#breadcrumb\"},\"inLanguage\":\"fr-FR\",\"potentialAction\":[{\"@type\":\"ReadAction\",\"target\":[\"http:\/\/terredezic.fr\/wp\/portfolio\/\"]}]},{\"@type\":\"BreadcrumbList\",\"@id\":\"http:\/\/terredezic.fr\/wp\/portfolio\/#breadcrumb\",\"itemListElement\":[{\"@type\":\"ListItem\",\"position\":1,\"name\":\"Accueil\",\"item\":\"http:\/\/terredezic.fr\/wp\/\"},{\"@type\":\"ListItem\",\"position\":2,\"name\":\"Portofolio\"}]}]}<\/script>\n<!-- \/ Yoast SEO plugin. -->","yoast_head_json":{"title":"Portofolio - Terre De Zic","robots":{"index":"index","follow":"follow","max-snippet":"max-snippet:-1","max-image-preview":"max-image-preview:large","max-video-preview":"max-video-preview:-1"},"canonical":"http:\/\/terredezic.fr\/wp\/portfolio\/","og_locale":"fr_FR","og_type":"article","og_title":"Portofolio - Terre De Zic","og_description":"Saint Martin Sainte Catherine, ciel d&rsquo;\u00e9t\u00e9 Saint Martin Sainte Catherine : l&rsquo;\u00e9glise Soleil couchant sur le lac de Vassivi\u00e8re Bisons dans le Limousin Hauteurs de Bourganeuf Saint Martin Sainte Catherine : bord de Vige en automne","og_url":"http:\/\/terredezic.fr\/wp\/portfolio\/","og_site_name":"Terre De Zic","article_modified_time":"2021-05-27T23:18:39+00:00","og_image":[{"url":"http:\/\/terredezic.fr\/wp\/wp-content\/uploads\/2011\/11\/Ciel-limousin-%C3%A0-Saint-Martin-Sainte-Catherine-300x199.jpg"}],"twitter_card":"summary","twitter_misc":{"Dur\u00e9e de lecture estim\u00e9e":"2 minutes"},"schema":{"@context":"https:\/\/schema.org","@graph":[{"@type":"WebSite","@id":"http:\/\/terredezic.fr\/wp\/#website","url":"http:\/\/terredezic.fr\/wp\/","name":"Terre De Zic","description":"Association pour le d\u00e9veloppement culturel et \u00e9conomique de la Creuse et du Limousin","potentialAction":[{"@type":"SearchAction","target":{"@type":"EntryPoint","urlTemplate":"http:\/\/terredezic.fr\/wp\/?s={search_term_string}"},"query-input":"required name=search_term_string"}],"inLanguage":"fr-FR"},{"@type":"ImageObject","@id":"http:\/\/terredezic.fr\/wp\/portfolio\/#primaryimage","inLanguage":"fr-FR","url":"http:\/\/terredezic.fr\/wp\/wp-content\/uploads\/2011\/11\/Ciel-limousin-%C3%A0-Saint-Martin-Sainte-Catherine-300x199.jpg","contentUrl":"http:\/\/terredezic.fr\/wp\/wp-content\/uploads\/2011\/11\/Ciel-limousin-%C3%A0-Saint-Martin-Sainte-Catherine-300x199.jpg"},{"@type":"WebPage","@id":"http:\/\/terredezic.fr\/wp\/portfolio\/#webpage","url":"http:\/\/terredezic.fr\/wp\/portfolio\/","name":"Portofolio - Terre De Zic","isPartOf":{"@id":"http:\/\/terredezic.fr\/wp\/#website"},"primaryImageOfPage":{"@id":"http:\/\/terredezic.fr\/wp\/portfolio\/#primaryimage"},"datePublished":"2011-10-22T16:53:58+00:00","dateModified":"2021-05-27T23:18:39+00:00","breadcrumb":{"@id":"http:\/\/terredezic.fr\/wp\/portfolio\/#breadcrumb"},"inLanguage":"fr-FR","potentialAction":[{"@type":"ReadAction","target":["http:\/\/terredezic.fr\/wp\/portfolio\/"]}]},{"@type":"BreadcrumbList","@id":"http:\/\/terredezic.fr\/wp\/portfolio\/#breadcrumb","itemListElement":[{"@type":"ListItem","position":1,"name":"Accueil","item":"http:\/\/terredezic.fr\/wp\/"},{"@type":"ListItem","position":2,"name":"Portofolio"}]}]}},"_links":{"self":[{"href":"http:\/\/terredezic.fr\/wp\/wp-json\/wp\/v2\/pages\/46"}],"collection":[{"href":"http:\/\/terredezic.fr\/wp\/wp-json\/wp\/v2\/pages"}],"about":[{"href":"http:\/\/terredezic.fr\/wp\/wp-json\/wp\/v2\/types\/page"}],"author":[{"embeddable":true,"href":"http:\/\/terredezic.fr\/wp\/wp-json\/wp\/v2\/users\/1"}],"replies":[{"embeddable":true,"href":"http:\/\/terredezic.fr\/wp\/wp-json\/wp\/v2\/comments?post=46"}],"version-history":[{"count":7,"href":"http:\/\/terredezic.fr\/wp\/wp-json\/wp\/v2\/pages\/46\/revisions"}],"predecessor-version":[{"id":4383,"href":"http:\/\/terredezic.fr\/wp\/wp-json\/wp\/v2\/pages\/46\/revisions\/4383"}],"wp:attachment":[{"href":"http:\/\/terredezic.fr\/wp\/wp-json\/wp\/v2\/media?parent=46"}],"curies":[{"name":"wp","href":"https:\/\/api.w.org\/{rel}","templated":true}]}}